{"id":260,"date":"2022-08-29T21:44:01","date_gmt":"2022-08-29T19:44:01","guid":{"rendered":"http:\/\/192.168.0.5\/Sites\/?page_id=260"},"modified":"2023-02-04T18:40:34","modified_gmt":"2023-02-04T17:40:34","slug":"expositions","status":"publish","type":"page","link":"https:\/\/www.myriamlefol.com\/Sites\/expositions\/","title":{"rendered":"Expositions"},"content":{"rendered":"<p>[et_pb_section fb_built=\u00a0\u00bb1&Prime; _builder_version=\u00a0\u00bb4.18.0&Prime; _module_preset=\u00a0\u00bbdefault\u00a0\u00bb custom_padding=\u00a0\u00bb100px||0px||false|false\u00a0\u00bb global_colors_info=\u00a0\u00bb{}\u00a0\u00bb][et_pb_row column_structure=\u00a0\u00bb1_4,3_4&Prime; _builder_version=\u00a0\u00bb4.18.0&Prime; _module_preset=\u00a0\u00bbdefault\u00a0\u00bb global_colors_info=\u00a0\u00bb{}\u00a0\u00bb][et_pb_column type=\u00a0\u00bb1_4&Prime; _builder_version=\u00a0\u00bb4.18.0&Prime; _module_preset=\u00a0\u00bbdefault\u00a0\u00bb global_colors_info=\u00a0\u00bb{}\u00a0\u00bb][et_pb_image src=\u00a0\u00bbhttps:\/\/www.myriamlefol.com\/wp-content\/uploads\/2022\/09\/Myriam-Le-Fol.jpg\u00a0\u00bb title_text=\u00a0\u00bbMyriam Le Fol\u00a0\u00bb show_in_lightbox=\u00a0\u00bbon\u00a0\u00bb _builder_version=\u00a0\u00bb4.19.4&Prime; _module_preset=\u00a0\u00bbdefault\u00a0\u00bb global_colors_info=\u00a0\u00bb{}\u00a0\u00bb][\/et_pb_image][\/et_pb_column][et_pb_column type=\u00a0\u00bb3_4&Prime; _builder_version=\u00a0\u00bb4.18.0&Prime; _module_preset=\u00a0\u00bbdefault\u00a0\u00bb global_colors_info=\u00a0\u00bb{}\u00a0\u00bb][et_pb_text _builder_version=\u00a0\u00bb4.18.0&Prime; _module_preset=\u00a0\u00bbdefault\u00a0\u00bb text_orientation=\u00a0\u00bbcenter\u00a0\u00bb min_height=\u00a0\u00bb220px\u00a0\u00bb height=\u00a0\u00bb100%\u00a0\u00bb max_height=\u00a0\u00bb100%\u00a0\u00bb global_colors_info=\u00a0\u00bb{}\u00a0\u00bb]<\/p>\n<p style=\"padding-left: 40px; text-align: center;\"><b><\/b><\/p>\n<h4 style=\"padding-left: 40px; text-align: center;\"><b>Le pont des Arts<\/b><\/h4>\n<p style=\"margin-bottom: 0cm; font-style: large; font-weight: normal; padding-left: 40px; text-align: center;\" align=\"CENTER\"><span style=\"font-size: large;\">95 rue de Redon 35580 Pont R\u00e9an-Rennes<\/span><\/p>\n<p style=\"margin-bottom: 0cm; font-style: normal; font-weight: normal; padding-left: 40px; text-align: center;\" align=\"CENTER\"><span style=\"font-size: large;\">1 Septembre &#8211; 31 Novembre 2022<\/span><\/p>\n<p style=\"margin-bottom: 0cm; font-style: normal; font-weight: normal; padding-left: 40px; text-align: center;\" align=\"CENTER\"><span style=\"font-size: large;\"><\/span><\/p>\n<p style=\"margin-bottom: 0cm; font-style: normal; font-weight: normal;\" align=\"CENTER\">\n<p style=\"margin-bottom: 0cm; font-style: normal; font-weight: normal; padding-left: 40px; text-align: center;\" align=\"CENTER\"><span style=\"font-size: large;\"><\/span><\/p>\n<p>[\/et_pb_text][\/et_pb_column][\/et_pb_row][et_pb_row column_structure=\u00a0\u00bb1_4,3_4&Prime; _builder_version=\u00a0\u00bb4.18.0&Prime; _module_preset=\u00a0\u00bbdefault\u00a0\u00bb global_colors_info=\u00a0\u00bb{}\u00a0\u00bb][et_pb_column type=\u00a0\u00bb1_4&Prime; _builder_version=\u00a0\u00bb4.18.0&Prime; _module_preset=\u00a0\u00bbdefault\u00a0\u00bb global_colors_info=\u00a0\u00bb{}\u00a0\u00bb][et_pb_image src=\u00a0\u00bbhttp:\/\/192.168.0.5\/Sites\/wp-content\/uploads\/2022\/08\/IMG_4310.jpg\u00a0\u00bb title_text=\u00a0\u00bbIMG_4310&Prime; show_in_lightbox=\u00a0\u00bbon\u00a0\u00bb _builder_version=\u00a0\u00bb4.18.0&Prime; _module_preset=\u00a0\u00bbdefault\u00a0\u00bb max_height=\u00a0\u00bb200px\u00a0\u00bb global_colors_info=\u00a0\u00bb{}\u00a0\u00bb][\/et_pb_image][\/et_pb_column][et_pb_column type=\u00a0\u00bb3_4&Prime; _builder_version=\u00a0\u00bb4.18.0&Prime; _module_preset=\u00a0\u00bbdefault\u00a0\u00bb global_colors_info=\u00a0\u00bb{}\u00a0\u00bb][et_pb_text _builder_version=\u00a0\u00bb4.18.0&Prime; _module_preset=\u00a0\u00bbdefault\u00a0\u00bb text_orientation=\u00a0\u00bbcenter\u00a0\u00bb min_height=\u00a0\u00bb220px\u00a0\u00bb height=\u00a0\u00bb100%\u00a0\u00bb max_height=\u00a0\u00bb100%\u00a0\u00bb global_colors_info=\u00a0\u00bb{}\u00a0\u00bb]<\/p>\n<p style=\"padding-left: 40px; text-align: center;\"><b><\/b><\/p>\n<p style=\"margin-bottom: 0cm; font-style: normal; font-weight: normal; padding-left: 40px; text-align: center;\" align=\"CENTER\">\n<p style=\"margin-bottom: 0cm; font-style: normal; font-weight: normal; padding-left: 40px; text-align: center;\" align=\"CENTER\"><span style=\"font-size: large;\"><\/span><\/p>\n<p style=\"margin-bottom: 0cm; font-style: normal;\" align=\"CENTER\"><span style=\"font-size: large;\"><b>Galerie Port en Dro Carnac<\/b><\/span><\/p>\n<p style=\"margin-bottom: 0cm; font-style: normal; font-weight: normal;\" align=\"CENTER\"><span style=\"font-size: large;\">Exposition permanente<\/span><\/p>\n<p style=\"margin-bottom: 0cm; font-style: normal; font-weight: normal; padding-left: 40px; text-align: center;\" align=\"CENTER\"><span style=\"font-size: large;\"><\/span><\/p>\n<p>[\/et_pb_text][\/et_pb_column][\/et_pb_row][et_pb_row column_structure=\u00a0\u00bb1_4,3_4&Prime; _builder_version=\u00a0\u00bb4.18.0&Prime; _module_preset=\u00a0\u00bbdefault\u00a0\u00bb global_colors_info=\u00a0\u00bb{}\u00a0\u00bb][et_pb_column type=\u00a0\u00bb1_4&Prime; _builder_version=\u00a0\u00bb4.18.0&Prime; _module_preset=\u00a0\u00bbdefault\u00a0\u00bb global_colors_info=\u00a0\u00bb{}\u00a0\u00bb][\/et_pb_column][et_pb_column type=\u00a0\u00bb3_4&Prime; _builder_version=\u00a0\u00bb4.18.0&Prime; _module_preset=\u00a0\u00bbdefault\u00a0\u00bb global_colors_info=\u00a0\u00bb{}\u00a0\u00bb][et_pb_text _builder_version=\u00a0\u00bb4.18.0&Prime; _module_preset=\u00a0\u00bbdefault\u00a0\u00bb text_orientation=\u00a0\u00bbcenter\u00a0\u00bb min_height=\u00a0\u00bb220px\u00a0\u00bb height=\u00a0\u00bb100%\u00a0\u00bb max_height=\u00a0\u00bb100%\u00a0\u00bb global_colors_info=\u00a0\u00bb{}\u00a0\u00bb]<\/p>\n<p style=\"margin-bottom: 0cm; font-style: normal;\" align=\"CENTER\"><span style=\"font-size: large;\"><b>Galerie Arts et Mati\u00e8res<\/b><\/span><\/p>\n<p style=\"margin-bottom: 0cm; font-style: normal; font-weight: normal;\" align=\"CENTER\"><span style=\"font-size: large;\">Auray 2018-2019<\/span><\/p>\n<p style=\"margin-bottom: 0cm; font-style: normal; font-weight: normal; padding-left: 40px; text-align: center;\" align=\"CENTER\"><span style=\"font-size: large;\"><\/span><\/p>\n<p>[\/et_pb_text][\/et_pb_column][\/et_pb_row][et_pb_row column_structure=\u00a0\u00bb1_4,3_4&Prime; _builder_version=\u00a0\u00bb4.18.0&Prime; _module_preset=\u00a0\u00bbdefault\u00a0\u00bb global_colors_info=\u00a0\u00bb{}\u00a0\u00bb][et_pb_column type=\u00a0\u00bb1_4&Prime; _builder_version=\u00a0\u00bb4.18.0&Prime; _module_preset=\u00a0\u00bbdefault\u00a0\u00bb global_colors_info=\u00a0\u00bb{}\u00a0\u00bb][et_pb_image src=\u00a0\u00bbhttp:\/\/192.168.0.5\/Sites\/wp-content\/uploads\/2022\/08\/affiche-An-na.jpg\u00a0\u00bb title_text=\u00a0\u00bbaffiche An na\u00a0\u00bb show_in_lightbox=\u00a0\u00bbon\u00a0\u00bb _builder_version=\u00a0\u00bb4.18.0&Prime; _module_preset=\u00a0\u00bbdefault\u00a0\u00bb global_colors_info=\u00a0\u00bb{}\u00a0\u00bb][\/et_pb_image][\/et_pb_column][et_pb_column type=\u00a0\u00bb3_4&Prime; _builder_version=\u00a0\u00bb4.18.0&Prime; _module_preset=\u00a0\u00bbdefault\u00a0\u00bb global_colors_info=\u00a0\u00bb{}\u00a0\u00bb][et_pb_text _builder_version=\u00a0\u00bb4.18.0&Prime; _module_preset=\u00a0\u00bbdefault\u00a0\u00bb text_orientation=\u00a0\u00bbcenter\u00a0\u00bb min_height=\u00a0\u00bb220px\u00a0\u00bb height=\u00a0\u00bb100%\u00a0\u00bb max_height=\u00a0\u00bb100%\u00a0\u00bb global_colors_info=\u00a0\u00bb{}\u00a0\u00bb]<\/p>\n<p style=\"margin-bottom: 0cm; font-style: normal;\" align=\"CENTER\"><span style=\"font-size: large;\"><b>AN-NA au pays des Merveilles<\/b><\/span><\/p>\n<p style=\"margin-bottom: 0cm; font-style: normal; font-weight: normal;\" align=\"CENTER\"><span style=\"font-size: large;\">Cr\u00e9ation d&rsquo;un spectacle th\u00e9\u00e2tral <\/span><\/p>\n<p style=\"margin-bottom: 0cm; font-style: normal; font-weight: normal;\" align=\"CENTER\"><span style=\"font-size: large;\">2015-2017<\/span><span style=\"font-size: large;\"><\/span><\/p>\n<p>[\/et_pb_text][\/et_pb_column][\/et_pb_row][et_pb_row column_structure=\u00a0\u00bb1_4,3_4&Prime; _builder_version=\u00a0\u00bb4.18.0&Prime; _module_preset=\u00a0\u00bbdefault\u00a0\u00bb global_colors_info=\u00a0\u00bb{}\u00a0\u00bb][et_pb_column type=\u00a0\u00bb1_4&Prime; _builder_version=\u00a0\u00bb4.18.0&Prime; _module_preset=\u00a0\u00bbdefault\u00a0\u00bb global_colors_info=\u00a0\u00bb{}\u00a0\u00bb][et_pb_image src=\u00a0\u00bbhttp:\/\/192.168.0.5\/Sites\/wp-content\/uploads\/2022\/08\/Vue-densemble-02-scaled.jpg\u00a0\u00bb title_text=\u00a0\u00bbVue d&rsquo;ensemble-02&Prime; show_in_lightbox=\u00a0\u00bbon\u00a0\u00bb _builder_version=\u00a0\u00bb4.18.0&Prime; _module_preset=\u00a0\u00bbdefault\u00a0\u00bb global_colors_info=\u00a0\u00bb{}\u00a0\u00bb][\/et_pb_image][\/et_pb_column][et_pb_column type=\u00a0\u00bb3_4&Prime; _builder_version=\u00a0\u00bb4.18.0&Prime; _module_preset=\u00a0\u00bbdefault\u00a0\u00bb global_colors_info=\u00a0\u00bb{}\u00a0\u00bb][et_pb_text _builder_version=\u00a0\u00bb4.18.0&Prime; _module_preset=\u00a0\u00bbdefault\u00a0\u00bb text_orientation=\u00a0\u00bbcenter\u00a0\u00bb min_height=\u00a0\u00bb220px\u00a0\u00bb height=\u00a0\u00bb100%\u00a0\u00bb max_height=\u00a0\u00bb100%\u00a0\u00bb global_colors_info=\u00a0\u00bb{}\u00a0\u00bb]<\/p>\n<p style=\"margin-bottom: 0cm; font-style: normal;\" align=\"CENTER\"><span style=\"font-size: large;\"><b>L&rsquo;Entre-deux<\/b><\/span><\/p>\n<p style=\"margin-bottom: 0cm; font-style: normal; font-weight: normal;\" align=\"CENTER\"><span style=\"font-size: large;\">Exposition personnelle<\/span><\/p>\n<p style=\"margin-bottom: 0cm; font-style: normal; font-weight: normal;\" align=\"CENTER\"><span style=\"font-size: large;\">Centre d&rsquo;art contemporain. Hennebont<\/span><\/p>\n<p style=\"margin-bottom: 0cm; font-style: normal; font-weight: normal;\" align=\"CENTER\"><span style=\"font-size: large;\">Galerie <em>Pierre Tal Coat<\/em> janvier &#8211; f\u00e9vrier 2015<\/span><\/p>\n<p style=\"margin-bottom: 0cm; font-style: normal; font-weight: normal;\" align=\"CENTER\"><span style=\"font-size: large;\">Acquisition d&rsquo;une \u0153uvre par l&rsquo;artoth\u00e8que Tal Coat<\/span><\/p>\n<p style=\"margin-bottom: 0cm; font-style: normal; font-weight: normal; padding-left: 40px; text-align: center;\" align=\"CENTER\"><span style=\"font-size: large;\"><\/span><\/p>\n<p>[\/et_pb_text][\/et_pb_column][\/et_pb_row][et_pb_row column_structure=\u00a0\u00bb1_4,3_4&Prime; _builder_version=\u00a0\u00bb4.18.0&Prime; _module_preset=\u00a0\u00bbdefault\u00a0\u00bb global_colors_info=\u00a0\u00bb{}\u00a0\u00bb][et_pb_column type=\u00a0\u00bb1_4&Prime; _builder_version=\u00a0\u00bb4.18.0&Prime; _module_preset=\u00a0\u00bbdefault\u00a0\u00bb global_colors_info=\u00a0\u00bb{}\u00a0\u00bb][et_pb_image src=\u00a0\u00bbhttp:\/\/192.168.0.5\/Sites\/wp-content\/uploads\/2022\/08\/expo-Rennes-scaled.jpg\u00a0\u00bb title_text=\u00a0\u00bbSAMSUNG DIGITAL CAMERA\u00a0\u00bb show_in_lightbox=\u00a0\u00bbon\u00a0\u00bb _builder_version=\u00a0\u00bb4.18.0&Prime; _module_preset=\u00a0\u00bbdefault\u00a0\u00bb global_colors_info=\u00a0\u00bb{}\u00a0\u00bb][\/et_pb_image][\/et_pb_column][et_pb_column type=\u00a0\u00bb3_4&Prime; _builder_version=\u00a0\u00bb4.18.0&Prime; _module_preset=\u00a0\u00bbdefault\u00a0\u00bb global_colors_info=\u00a0\u00bb{}\u00a0\u00bb][et_pb_text _builder_version=\u00a0\u00bb4.18.0&Prime; _module_preset=\u00a0\u00bbdefault\u00a0\u00bb text_orientation=\u00a0\u00bbcenter\u00a0\u00bb min_height=\u00a0\u00bb220px\u00a0\u00bb height=\u00a0\u00bb100%\u00a0\u00bb max_height=\u00a0\u00bb100%\u00a0\u00bb global_colors_info=\u00a0\u00bb{}\u00a0\u00bb]<\/p>\n<p style=\"padding-left: 40px; text-align: center;\"><b><\/b><\/p>\n<p style=\"margin-bottom: 0cm; font-style: normal;\" align=\"CENTER\"><span style=\"font-size: large;\"><b>Le temps de la cr\u00e9ation<\/b><\/span><\/p>\n<p style=\"margin-bottom: 0cm; font-style: normal; font-weight: normal;\" align=\"CENTER\"><span style=\"font-size: large;\">Artiste invit\u00e9e aux journ\u00e9es europ\u00e9ennes des m\u00e9tiers d&rsquo;art<\/span><\/p>\n<p style=\"margin-bottom: 0cm; font-style: normal; font-weight: normal;\" align=\"CENTER\"><span style=\"font-size: large;\">Rennes 2015<\/span><\/p>\n<p>&nbsp;<\/p>\n<p>&nbsp;<\/p>\n<p style=\"margin-bottom: 0cm; font-style: normal; font-weight: normal; padding-left: 40px; text-align: center;\" align=\"CENTER\"><span style=\"font-size: large;\"><\/span><\/p>\n<p>[\/et_pb_text][\/et_pb_column][\/et_pb_row][et_pb_row column_structure=\u00a0\u00bb1_4,3_4&Prime; _builder_version=\u00a0\u00bb4.18.0&Prime; _module_preset=\u00a0\u00bbdefault\u00a0\u00bb global_colors_info=\u00a0\u00bb{}\u00a0\u00bb][et_pb_column type=\u00a0\u00bb1_4&Prime; _builder_version=\u00a0\u00bb4.18.0&Prime; _module_preset=\u00a0\u00bbdefault\u00a0\u00bb global_colors_info=\u00a0\u00bb{}\u00a0\u00bb][et_pb_image src=\u00a0\u00bbhttp:\/\/192.168.0.5\/Sites\/wp-content\/uploads\/2022\/08\/SDC12257-1-scaled.jpg\u00a0\u00bb title_text=\u00a0\u00bbSAMSUNG DIGITAL CAMERA\u00a0\u00bb show_in_lightbox=\u00a0\u00bbon\u00a0\u00bb _builder_version=\u00a0\u00bb4.18.0&Prime; _module_preset=\u00a0\u00bbdefault\u00a0\u00bb global_colors_info=\u00a0\u00bb{}\u00a0\u00bb][\/et_pb_image][\/et_pb_column][et_pb_column type=\u00a0\u00bb3_4&Prime; _builder_version=\u00a0\u00bb4.18.0&Prime; _module_preset=\u00a0\u00bbdefault\u00a0\u00bb global_colors_info=\u00a0\u00bb{}\u00a0\u00bb][et_pb_text _builder_version=\u00a0\u00bb4.18.0&Prime; _module_preset=\u00a0\u00bbdefault\u00a0\u00bb text_orientation=\u00a0\u00bbcenter\u00a0\u00bb min_height=\u00a0\u00bb220px\u00a0\u00bb height=\u00a0\u00bb100%\u00a0\u00bb max_height=\u00a0\u00bb100%\u00a0\u00bb global_colors_info=\u00a0\u00bb{}\u00a0\u00bb]<\/p>\n<p style=\"padding-left: 40px; text-align: center;\"><b><\/b><\/p>\n<p style=\"margin-bottom: 0cm; font-style: normal;\" align=\"CENTER\"><span style=\"font-size: large;\"><b>Les lumi\u00e8res de Bretagne<\/b><\/span><\/p>\n<p style=\"margin-bottom: 0cm; font-style: normal; font-weight: normal;\" align=\"CENTER\"><span style=\"font-size: large;\">Galerie <em>Port en Dro<\/em> Carnac<\/span><\/p>\n<p style=\"margin-bottom: 0cm; font-style: normal; font-weight: normal;\" align=\"CENTER\"><span style=\"font-size: large;\">avril &#8211; septembre 2015<\/span><\/p>\n<p>&nbsp;<\/p>\n<p style=\"margin-bottom: 0cm; font-style: normal; font-weight: normal; padding-left: 40px; text-align: center;\" align=\"CENTER\"><span style=\"font-size: large;\"><\/span><\/p>\n<p>[\/et_pb_text][\/et_pb_column][\/et_pb_row][et_pb_row column_structure=\u00a0\u00bb1_4,3_4&Prime; _builder_version=\u00a0\u00bb4.18.0&Prime; _module_preset=\u00a0\u00bbdefault\u00a0\u00bb global_colors_info=\u00a0\u00bb{}\u00a0\u00bb][et_pb_column type=\u00a0\u00bb1_4&Prime; _builder_version=\u00a0\u00bb4.18.0&Prime; _module_preset=\u00a0\u00bbdefault\u00a0\u00bb global_colors_info=\u00a0\u00bb{}\u00a0\u00bb][\/et_pb_column][et_pb_column type=\u00a0\u00bb3_4&Prime; _builder_version=\u00a0\u00bb4.18.0&Prime; _module_preset=\u00a0\u00bbdefault\u00a0\u00bb global_colors_info=\u00a0\u00bb{}\u00a0\u00bb][et_pb_text _builder_version=\u00a0\u00bb4.18.0&Prime; _module_preset=\u00a0\u00bbdefault\u00a0\u00bb text_orientation=\u00a0\u00bbcenter\u00a0\u00bb min_height=\u00a0\u00bb220px\u00a0\u00bb height=\u00a0\u00bb100%\u00a0\u00bb max_height=\u00a0\u00bb100%\u00a0\u00bb global_colors_info=\u00a0\u00bb{}\u00a0\u00bb]<\/p>\n<p style=\"margin-bottom: 0cm; font-style: normal;\" align=\"CENTER\"><span style=\"font-size: large;\"><b>Galerie J.J. Rio <\/b><\/span><\/p>\n<p style=\"margin-bottom: 0cm; font-style: normal; font-weight: normal;\" align=\"CENTER\"><span style=\"font-size: large;\">Auray 2015<\/span><\/p>\n<p style=\"margin-bottom: 0cm; font-style: normal; font-weight: normal; padding-left: 40px; text-align: center;\" align=\"CENTER\"><span style=\"font-size: large;\"><\/span><\/p>\n<p>[\/et_pb_text][\/et_pb_column][\/et_pb_row][et_pb_row column_structure=\u00a0\u00bb1_4,3_4&Prime; _builder_version=\u00a0\u00bb4.18.0&Prime; _module_preset=\u00a0\u00bbdefault\u00a0\u00bb global_colors_info=\u00a0\u00bb{}\u00a0\u00bb][et_pb_column type=\u00a0\u00bb1_4&Prime; _builder_version=\u00a0\u00bb4.18.0&Prime; _module_preset=\u00a0\u00bbdefault\u00a0\u00bb global_colors_info=\u00a0\u00bb{}\u00a0\u00bb][\/et_pb_column][et_pb_column type=\u00a0\u00bb3_4&Prime; _builder_version=\u00a0\u00bb4.18.0&Prime; _module_preset=\u00a0\u00bbdefault\u00a0\u00bb global_colors_info=\u00a0\u00bb{}\u00a0\u00bb][et_pb_text _builder_version=\u00a0\u00bb4.18.0&Prime; _module_preset=\u00a0\u00bbdefault\u00a0\u00bb text_orientation=\u00a0\u00bbcenter\u00a0\u00bb min_height=\u00a0\u00bb220px\u00a0\u00bb height=\u00a0\u00bb100%\u00a0\u00bb max_height=\u00a0\u00bb100%\u00a0\u00bb global_colors_info=\u00a0\u00bb{}\u00a0\u00bb]<\/p>\n<p style=\"margin-bottom: 0cm; font-style: normal;\" align=\"CENTER\"><span style=\"font-size: large;\"><b>Galerie Verticale <\/b><\/span><\/p>\n<p style=\"margin-bottom: 0cm; font-style: normal; font-weight: normal;\" align=\"CENTER\"><span style=\"font-size: large;\">Vannes 2014<\/span><\/p>\n<p style=\"margin-bottom: 0cm; font-style: normal; font-weight: normal; padding-left: 40px; text-align: center;\" align=\"CENTER\"><span style=\"font-size: large;\"><\/span><\/p>\n<p>[\/et_pb_text][\/et_pb_column][\/et_pb_row][et_pb_row column_structure=\u00a0\u00bb1_4,3_4&Prime; _builder_version=\u00a0\u00bb4.18.0&Prime; _module_preset=\u00a0\u00bbdefault\u00a0\u00bb global_colors_info=\u00a0\u00bb{}\u00a0\u00bb][et_pb_column type=\u00a0\u00bb1_4&Prime; _builder_version=\u00a0\u00bb4.18.0&Prime; _module_preset=\u00a0\u00bbdefault\u00a0\u00bb global_colors_info=\u00a0\u00bb{}\u00a0\u00bb][\/et_pb_column][et_pb_column type=\u00a0\u00bb3_4&Prime; _builder_version=\u00a0\u00bb4.18.0&Prime; _module_preset=\u00a0\u00bbdefault\u00a0\u00bb global_colors_info=\u00a0\u00bb{}\u00a0\u00bb][et_pb_text _builder_version=\u00a0\u00bb4.18.0&Prime; _module_preset=\u00a0\u00bbdefault\u00a0\u00bb text_orientation=\u00a0\u00bbcenter\u00a0\u00bb min_height=\u00a0\u00bb220px\u00a0\u00bb height=\u00a0\u00bb100%\u00a0\u00bb max_height=\u00a0\u00bb100%\u00a0\u00bb global_colors_info=\u00a0\u00bb{}\u00a0\u00bb]<\/p>\n<p style=\"margin-bottom: 0cm; font-style: normal;\" align=\"CENTER\"><span style=\"font-size: large;\"><b>Galerie Port en Dro <\/b><\/span><\/p>\n<p style=\"margin-bottom: 0cm; font-style: normal; font-weight: normal;\" align=\"CENTER\"><span style=\"font-size: large;\">Carnac oct 2013<\/span><\/p>\n<p>&nbsp;<\/p>\n<p style=\"margin-bottom: 0cm; font-style: normal; font-weight: normal; padding-left: 40px; text-align: center;\" align=\"CENTER\"><span style=\"font-size: large;\"><\/span><\/p>\n<p>[\/et_pb_text][\/et_pb_column][\/et_pb_row][et_pb_row column_structure=\u00a0\u00bb1_4,3_4&Prime; _builder_version=\u00a0\u00bb4.18.0&Prime; _module_preset=\u00a0\u00bbdefault\u00a0\u00bb global_colors_info=\u00a0\u00bb{}\u00a0\u00bb][et_pb_column type=\u00a0\u00bb1_4&Prime; _builder_version=\u00a0\u00bb4.18.0&Prime; _module_preset=\u00a0\u00bbdefault\u00a0\u00bb global_colors_info=\u00a0\u00bb{}\u00a0\u00bb][et_pb_image src=\u00a0\u00bbhttp:\/\/192.168.0.5\/Sites\/wp-content\/uploads\/2022\/08\/centre-culturel-Rennes-scaled.jpg\u00a0\u00bb title_text=\u00a0\u00bbSAMSUNG DIGITAL CAMERA\u00a0\u00bb show_in_lightbox=\u00a0\u00bbon\u00a0\u00bb _builder_version=\u00a0\u00bb4.18.0&Prime; _module_preset=\u00a0\u00bbdefault\u00a0\u00bb global_colors_info=\u00a0\u00bb{}\u00a0\u00bb][\/et_pb_image][\/et_pb_column][et_pb_column type=\u00a0\u00bb3_4&Prime; _builder_version=\u00a0\u00bb4.18.0&Prime; _module_preset=\u00a0\u00bbdefault\u00a0\u00bb global_colors_info=\u00a0\u00bb{}\u00a0\u00bb][et_pb_text _builder_version=\u00a0\u00bb4.19.5&Prime; _module_preset=\u00a0\u00bbdefault\u00a0\u00bb text_orientation=\u00a0\u00bbcenter\u00a0\u00bb min_height=\u00a0\u00bb220px\u00a0\u00bb height=\u00a0\u00bb100%\u00a0\u00bb max_height=\u00a0\u00bb100%\u00a0\u00bb hover_enabled=\u00a0\u00bb0&Prime; global_colors_info=\u00a0\u00bb{}\u00a0\u00bb sticky_enabled=\u00a0\u00bb0&Prime;]<\/p>\n<p style=\"margin-bottom: 0cm; font-style: normal;\" align=\"CENTER\"><span style=\"font-size: large;\"><b>Une illusion sur l&rsquo;horizon<\/b><\/span><\/p>\n<p style=\"margin-bottom: 0cm; font-style: normal; font-weight: normal;\" align=\"CENTER\"><span style=\"font-size: large;\">Exposition<br \/><\/span><\/p>\n<p style=\"margin-bottom: 0cm; font-style: normal; font-weight: normal;\" align=\"CENTER\"><span style=\"font-size: large;\">Centre culturel <em>la Paillette<\/em> Rennes<\/span><\/p>\n<p style=\"margin-bottom: 0cm; font-style: normal; font-weight: normal;\" align=\"CENTER\"><span style=\"font-size: large;\"><em>Galerie du Lavoir<\/em> 2013<\/span><span style=\"font-size: large;\"><\/span><\/p>\n<p>[\/et_pb_text][\/et_pb_column][\/et_pb_row][et_pb_row column_structure=\u00a0\u00bb1_4,3_4&Prime; _builder_version=\u00a0\u00bb4.18.0&Prime; _module_preset=\u00a0\u00bbdefault\u00a0\u00bb global_colors_info=\u00a0\u00bb{}\u00a0\u00bb][et_pb_column type=\u00a0\u00bb1_4&Prime; _builder_version=\u00a0\u00bb4.18.0&Prime; _module_preset=\u00a0\u00bbdefault\u00a0\u00bb global_colors_info=\u00a0\u00bb{}\u00a0\u00bb][et_pb_image src=\u00a0\u00bbhttp:\/\/192.168.0.5\/Sites\/wp-content\/uploads\/2022\/08\/Centre-culturel-Arradon-scaled.jpg\u00a0\u00bb title_text=\u00a0\u00bbSAMSUNG DIGITAL CAMERA\u00a0\u00bb show_in_lightbox=\u00a0\u00bbon\u00a0\u00bb _builder_version=\u00a0\u00bb4.18.0&Prime; _module_preset=\u00a0\u00bbdefault\u00a0\u00bb global_colors_info=\u00a0\u00bb{}\u00a0\u00bb][\/et_pb_image][\/et_pb_column][et_pb_column type=\u00a0\u00bb3_4&Prime; _builder_version=\u00a0\u00bb4.18.0&Prime; _module_preset=\u00a0\u00bbdefault\u00a0\u00bb global_colors_info=\u00a0\u00bb{}\u00a0\u00bb][et_pb_text _builder_version=\u00a0\u00bb4.18.0&Prime; _module_preset=\u00a0\u00bbdefault\u00a0\u00bb text_orientation=\u00a0\u00bbcenter\u00a0\u00bb min_height=\u00a0\u00bb220px\u00a0\u00bb height=\u00a0\u00bb100%\u00a0\u00bb max_height=\u00a0\u00bb100%\u00a0\u00bb global_colors_info=\u00a0\u00bb{}\u00a0\u00bb]<\/p>\n<p style=\"padding-left: 40px; text-align: center;\"><b><\/b><\/p>\n<p style=\"margin-bottom: 0cm; font-style: normal; font-weight: normal;\" align=\"CENTER\">\n<p style=\"margin-bottom: 0cm; font-style: normal; font-weight: normal;\" align=\"CENTER\">\n<p style=\"margin-bottom: 0cm; font-style: normal;\" align=\"CENTER\"><span style=\"font-size: large;\"><b>Oscillation<\/b><\/span><\/p>\n<p style=\"margin-bottom: 0cm; font-style: normal; font-weight: normal;\" align=\"CENTER\"><span style=\"font-size: large;\">Exposition personnelle<\/span><\/p>\n<p style=\"margin-bottom: 0cm; font-style: normal; font-weight: normal;\" align=\"CENTER\"><span style=\"font-size: large;\">Centre culturel <em>La lucarne<\/em> Arradon<\/span><\/p>\n<p style=\"margin-bottom: 0cm; font-style: normal; font-weight: normal;\" align=\"CENTER\"><span style=\"font-size: large;\">septembre &#8211; octobre 2013<\/span><\/p>\n<p>&nbsp;<\/p>\n<p style=\"margin-bottom: 0cm; font-style: normal; font-weight: normal; padding-left: 40px; text-align: center;\" align=\"CENTER\"><span style=\"font-size: large;\"><\/span><\/p>\n<p>[\/et_pb_text][\/et_pb_column][\/et_pb_row][et_pb_row column_structure=\u00a0\u00bb1_4,3_4&Prime; _builder_version=\u00a0\u00bb4.18.0&Prime; _module_preset=\u00a0\u00bbdefault\u00a0\u00bb global_colors_info=\u00a0\u00bb{}\u00a0\u00bb][et_pb_column type=\u00a0\u00bb1_4&Prime; _builder_version=\u00a0\u00bb4.18.0&Prime; _module_preset=\u00a0\u00bbdefault\u00a0\u00bb global_colors_info=\u00a0\u00bb{}\u00a0\u00bb][\/et_pb_column][et_pb_column type=\u00a0\u00bb3_4&Prime; _builder_version=\u00a0\u00bb4.18.0&Prime; _module_preset=\u00a0\u00bbdefault\u00a0\u00bb global_colors_info=\u00a0\u00bb{}\u00a0\u00bb][et_pb_text _builder_version=\u00a0\u00bb4.18.0&Prime; _module_preset=\u00a0\u00bbdefault\u00a0\u00bb text_orientation=\u00a0\u00bbcenter\u00a0\u00bb min_height=\u00a0\u00bb220px\u00a0\u00bb height=\u00a0\u00bb100%\u00a0\u00bb max_height=\u00a0\u00bb100%\u00a0\u00bb global_colors_info=\u00a0\u00bb{}\u00a0\u00bb]<\/p>\n<p style=\"margin-bottom: 0cm; font-style: normal;\" align=\"CENTER\"><span style=\"font-size: large;\"><b>Artiste invit\u00e9e r\u00e9sidence Ginkgo <\/b><\/span><\/p>\n<p style=\"margin-bottom: 0cm; font-style: normal; font-weight: normal;\" align=\"CENTER\"><span style=\"font-size: large;\">Troyes 2012<\/span><\/p>\n<p>[\/et_pb_text][\/et_pb_column][\/et_pb_row][et_pb_row column_structure=\u00a0\u00bb1_4,3_4&Prime; _builder_version=\u00a0\u00bb4.18.0&Prime; _module_preset=\u00a0\u00bbdefault\u00a0\u00bb global_colors_info=\u00a0\u00bb{}\u00a0\u00bb][et_pb_column type=\u00a0\u00bb1_4&Prime; _builder_version=\u00a0\u00bb4.18.0&Prime; _module_preset=\u00a0\u00bbdefault\u00a0\u00bb global_colors_info=\u00a0\u00bb{}\u00a0\u00bb][et_pb_image src=\u00a0\u00bbhttp:\/\/192.168.0.5\/Sites\/wp-content\/uploads\/2022\/08\/GalerieLeFaouedicLorient-scaled.jpg\u00a0\u00bb title_text=\u00a0\u00bbSAMSUNG DIGITAL CAMERA\u00a0\u00bb show_in_lightbox=\u00a0\u00bbon\u00a0\u00bb _builder_version=\u00a0\u00bb4.18.0&Prime; _module_preset=\u00a0\u00bbdefault\u00a0\u00bb global_colors_info=\u00a0\u00bb{}\u00a0\u00bb][\/et_pb_image][\/et_pb_column][et_pb_column type=\u00a0\u00bb3_4&Prime; _builder_version=\u00a0\u00bb4.18.0&Prime; _module_preset=\u00a0\u00bbdefault\u00a0\u00bb global_colors_info=\u00a0\u00bb{}\u00a0\u00bb][et_pb_text _builder_version=\u00a0\u00bb4.18.0&Prime; _module_preset=\u00a0\u00bbdefault\u00a0\u00bb text_orientation=\u00a0\u00bbcenter\u00a0\u00bb min_height=\u00a0\u00bb220px\u00a0\u00bb height=\u00a0\u00bb100%\u00a0\u00bb max_height=\u00a0\u00bb100%\u00a0\u00bb global_colors_info=\u00a0\u00bb{}\u00a0\u00bb]<\/p>\n<p style=\"padding-left: 40px; text-align: center;\"><b><\/b><\/p>\n<p style=\"margin-bottom: 0cm; font-style: normal; font-weight: normal;\" align=\"CENTER\">\n<p style=\"margin-bottom: 0cm; font-style: normal;\" align=\"CENTER\"><span style=\"font-size: large;\"><b>Etend&rsquo;Art<\/b><\/span><\/p>\n<p style=\"margin-bottom: 0cm; font-style: normal; font-weight: normal;\" align=\"CENTER\"><span style=\"font-size: large;\">Artiste invit\u00e9e d&rsquo;honneur<\/span><\/p>\n<p style=\"margin-bottom: 0cm; font-style: normal; font-weight: normal;\" align=\"CENTER\"><span style=\"font-size: large;\">soci\u00e9t\u00e9 Lorientaise des Beaux Arts<\/span><\/p>\n<p style=\"margin-bottom: 0cm; font-style: normal; font-weight: normal;\" align=\"CENTER\"><span style=\"font-size: large;\"><em>Galerie du Faou\u00eadic<\/em> . H\u00f4tel Gabriel <\/span><\/p>\n<p style=\"margin-bottom: 0cm; font-style: normal; font-weight: normal;\" align=\"CENTER\"><span style=\"font-size: large;\">Lorient avril &#8211; mai 2012<\/span><\/p>\n<p style=\"margin-bottom: 0cm; font-style: normal; font-weight: normal; padding-left: 40px; text-align: center;\" align=\"CENTER\"><span style=\"font-size: large;\"><\/span><\/p>\n<p>[\/et_pb_text][\/et_pb_column][\/et_pb_row][et_pb_row column_structure=\u00a0\u00bb1_4,3_4&Prime; _builder_version=\u00a0\u00bb4.18.0&Prime; _module_preset=\u00a0\u00bbdefault\u00a0\u00bb global_colors_info=\u00a0\u00bb{}\u00a0\u00bb][et_pb_column type=\u00a0\u00bb1_4&Prime; _builder_version=\u00a0\u00bb4.18.0&Prime; _module_preset=\u00a0\u00bbdefault\u00a0\u00bb global_colors_info=\u00a0\u00bb{}\u00a0\u00bb][et_pb_image src=\u00a0\u00bbhttp:\/\/192.168.0.5\/Sites\/wp-content\/uploads\/2022\/08\/Biennale-st-Brieux-2-scaled.jpg\u00a0\u00bb title_text=\u00a0\u00bbBiennale st Brieux (2)\u00a0\u00bb show_in_lightbox=\u00a0\u00bbon\u00a0\u00bb _builder_version=\u00a0\u00bb4.18.0&Prime; _module_preset=\u00a0\u00bbdefault\u00a0\u00bb global_colors_info=\u00a0\u00bb{}\u00a0\u00bb][\/et_pb_image][\/et_pb_column][et_pb_column type=\u00a0\u00bb3_4&Prime; _builder_version=\u00a0\u00bb4.18.0&Prime; _module_preset=\u00a0\u00bbdefault\u00a0\u00bb global_colors_info=\u00a0\u00bb{}\u00a0\u00bb][et_pb_text _builder_version=\u00a0\u00bb4.18.0&Prime; _module_preset=\u00a0\u00bbdefault\u00a0\u00bb text_orientation=\u00a0\u00bbcenter\u00a0\u00bb min_height=\u00a0\u00bb220px\u00a0\u00bb height=\u00a0\u00bb100%\u00a0\u00bb max_height=\u00a0\u00bb100%\u00a0\u00bb global_colors_info=\u00a0\u00bb{}\u00a0\u00bb]<\/p>\n<p style=\"padding-left: 40px; text-align: center;\"><b><\/b><\/p>\n<p style=\"margin-bottom: 0cm; font-style: normal;\" align=\"CENTER\"><span style=\"font-size: large;\"><b>Le regard des autres<\/b><\/span><\/p>\n<p style=\"margin-bottom: 0cm; font-style: normal; font-weight: normal;\" align=\"CENTER\"><span style=\"font-size: large;\">S\u00e9lectionn\u00e9e \u00e0 la 5\u00e8 biennale art contemporain st Brieux<\/span><\/p>\n<p style=\"margin-bottom: 0cm; font-style: normal; font-weight: normal;\" align=\"CENTER\"><span style=\"font-size: large;\">Galerie du <em>Point Virgule<\/em>. Langueux 2011<\/span><\/p>\n<p>&nbsp;<\/p>\n<p>&nbsp;<\/p>\n<p style=\"margin-bottom: 0cm; font-style: normal; font-weight: normal; padding-left: 40px; text-align: center;\" align=\"CENTER\"><span style=\"font-size: large;\"><\/span><\/p>\n<p>[\/et_pb_text][\/et_pb_column][\/et_pb_row][et_pb_row column_structure=\u00a0\u00bb1_4,3_4&Prime; _builder_version=\u00a0\u00bb4.18.0&Prime; _module_preset=\u00a0\u00bbdefault\u00a0\u00bb global_colors_info=\u00a0\u00bb{}\u00a0\u00bb][et_pb_column type=\u00a0\u00bb1_4&Prime; _builder_version=\u00a0\u00bb4.18.0&Prime; _module_preset=\u00a0\u00bbdefault\u00a0\u00bb global_colors_info=\u00a0\u00bb{}\u00a0\u00bb][\/et_pb_column][et_pb_column type=\u00a0\u00bb3_4&Prime; _builder_version=\u00a0\u00bb4.18.0&Prime; _module_preset=\u00a0\u00bbdefault\u00a0\u00bb global_colors_info=\u00a0\u00bb{}\u00a0\u00bb][et_pb_text _builder_version=\u00a0\u00bb4.18.0&Prime; _module_preset=\u00a0\u00bbdefault\u00a0\u00bb custom_padding=\u00a0\u00bb||0px|||\u00a0\u00bb global_colors_info=\u00a0\u00bb{}\u00a0\u00bb]<\/p>\n<p style=\"margin-bottom: 0cm; font-style: normal;\" align=\"CENTER\"><span style=\"font-size: large;\"><b>Biennale des femmes en Art Contemporain<\/b><\/span><\/p>\n<p style=\"margin-bottom: 0cm; font-style: normal; font-weight: normal;\" align=\"CENTER\"><span style=\"font-size: large;\">Larmor Plages 2011<\/span><\/p>\n<p>[\/et_pb_text][\/et_pb_column][\/et_pb_row][et_pb_row column_structure=\u00a0\u00bb1_4,3_4&Prime; _builder_version=\u00a0\u00bb4.18.0&Prime; _module_preset=\u00a0\u00bbdefault\u00a0\u00bb global_colors_info=\u00a0\u00bb{}\u00a0\u00bb][et_pb_column type=\u00a0\u00bb1_4&Prime; _builder_version=\u00a0\u00bb4.18.0&Prime; _module_preset=\u00a0\u00bbdefault\u00a0\u00bb global_colors_info=\u00a0\u00bb{}\u00a0\u00bb][et_pb_image src=\u00a0\u00bbhttp:\/\/192.168.0.5\/Sites\/wp-content\/uploads\/2022\/08\/abdb0358925a6413cdaaf5c5515c428f.png\u00a0\u00bb title_text=\u00a0\u00bbabdb0358925a6413cdaaf5c5515c428f\u00a0\u00bb show_in_lightbox=\u00a0\u00bbon\u00a0\u00bb _builder_version=\u00a0\u00bb4.18.0&Prime; _module_preset=\u00a0\u00bbdefault\u00a0\u00bb global_colors_info=\u00a0\u00bb{}\u00a0\u00bb][\/et_pb_image][\/et_pb_column][et_pb_column type=\u00a0\u00bb3_4&Prime; _builder_version=\u00a0\u00bb4.18.0&Prime; _module_preset=\u00a0\u00bbdefault\u00a0\u00bb global_colors_info=\u00a0\u00bb{}\u00a0\u00bb][et_pb_text _builder_version=\u00a0\u00bb4.18.0&Prime; _module_preset=\u00a0\u00bbdefault\u00a0\u00bb global_colors_info=\u00a0\u00bb{}\u00a0\u00bb]<\/p>\n<p style=\"margin-bottom: 0cm; font-style: normal;\" align=\"CENTER\"><span style=\"font-size: large;\"><b>Le bestiaire de mes nuits<\/b><\/span><\/p>\n<p style=\"margin-bottom: 0cm; font-style: normal; font-weight: normal;\" align=\"CENTER\"><span style=\"font-size: large;\">15\u00e8 rencontre d&rsquo;Art contemporain<\/span><\/p>\n<p style=\"margin-bottom: 0cm; font-style: normal; font-weight: normal;\" align=\"CENTER\"><span style=\"font-size: large;\">Ch\u00e2teau de st Auvent<\/span><\/p>\n<p style=\"margin-bottom: 0cm; font-style: normal; font-weight: normal;\" align=\"CENTER\"><span style=\"font-size: large;\">Limoges 17 septembre &#8211; 2 octobre 2011<\/span><\/p>\n<p>[\/et_pb_text][\/et_pb_column][\/et_pb_row][et_pb_row column_structure=\u00a0\u00bb1_4,3_4&Prime; _builder_version=\u00a0\u00bb4.18.0&Prime; _module_preset=\u00a0\u00bbdefault\u00a0\u00bb global_colors_info=\u00a0\u00bb{}\u00a0\u00bb][et_pb_column type=\u00a0\u00bb1_4&Prime; _builder_version=\u00a0\u00bb4.18.0&Prime; _module_preset=\u00a0\u00bbdefault\u00a0\u00bb global_colors_info=\u00a0\u00bb{}\u00a0\u00bb][\/et_pb_column][et_pb_column type=\u00a0\u00bb3_4&Prime; _builder_version=\u00a0\u00bb4.18.0&Prime; _module_preset=\u00a0\u00bbdefault\u00a0\u00bb global_colors_info=\u00a0\u00bb{}\u00a0\u00bb][et_pb_text _builder_version=\u00a0\u00bb4.18.0&Prime; _module_preset=\u00a0\u00bbdefault\u00a0\u00bb custom_padding=\u00a0\u00bb||0px|||\u00a0\u00bb global_colors_info=\u00a0\u00bb{}\u00a0\u00bb]<\/p>\n<p style=\"margin-bottom: 0cm; font-style: normal;\" align=\"CENTER\"><span style=\"font-size: large;\"><b>Galerie Catherine Duigoux<\/b><\/span><\/p>\n<p style=\"margin-bottom: 0cm; font-style: normal; font-weight: normal;\" align=\"CENTER\"><span style=\"font-size: large;\">Port Louis sept 2010<\/span><\/p>\n<p>[\/et_pb_text][\/et_pb_column][\/et_pb_row][et_pb_row column_structure=\u00a0\u00bb1_4,3_4&Prime; _builder_version=\u00a0\u00bb4.18.0&Prime; _module_preset=\u00a0\u00bbdefault\u00a0\u00bb global_colors_info=\u00a0\u00bb{}\u00a0\u00bb][et_pb_column type=\u00a0\u00bb1_4&Prime; _builder_version=\u00a0\u00bb4.18.0&Prime; _module_preset=\u00a0\u00bbdefault\u00a0\u00bb global_colors_info=\u00a0\u00bb{}\u00a0\u00bb][et_pb_image src=\u00a0\u00bbhttps:\/\/www.myriamlefol.com\/wp-content\/uploads\/2022\/08\/abdb0358925a6413cdaaf5c5515c428f.png\u00a0\u00bb title_text=\u00a0\u00bbabdb0358925a6413cdaaf5c5515c428f\u00a0\u00bb show_in_lightbox=\u00a0\u00bbon\u00a0\u00bb _builder_version=\u00a0\u00bb4.19.4&Prime; _module_preset=\u00a0\u00bbdefault\u00a0\u00bb global_colors_info=\u00a0\u00bb{}\u00a0\u00bb][\/et_pb_image][\/et_pb_column][et_pb_column type=\u00a0\u00bb3_4&Prime; _builder_version=\u00a0\u00bb4.18.0&Prime; _module_preset=\u00a0\u00bbdefault\u00a0\u00bb global_colors_info=\u00a0\u00bb{}\u00a0\u00bb][et_pb_text _builder_version=\u00a0\u00bb4.18.0&Prime; _module_preset=\u00a0\u00bbdefault\u00a0\u00bb global_colors_info=\u00a0\u00bb{}\u00a0\u00bb]<\/p>\n<p style=\"margin-bottom: 0cm; font-style: normal;\" align=\"CENTER\"><span style=\"font-size: large;\"><b>Qui suis je\u00a0?<\/b><\/span><\/p>\n<p style=\"margin-bottom: 0cm; font-style: normal; font-weight: normal;\" align=\"CENTER\"><span style=\"font-size: large;\">14\u00e8 rencontre d&rsquo;art contemporain<\/span><\/p>\n<p style=\"margin-bottom: 0cm; font-style: normal; font-weight: normal;\" align=\"CENTER\"><span style=\"font-size: large;\">Ch\u00e2teau de st Auvent<\/span><\/p>\n<p style=\"margin-bottom: 0cm; font-style: normal; font-weight: normal;\" align=\"CENTER\"><span style=\"font-size: large;\">Limoges 18 sept-3 oct 2010<\/span><\/p>\n<p>[\/et_pb_text][\/et_pb_column][\/et_pb_row][et_pb_row column_structure=\u00a0\u00bb1_4,3_4&Prime; _builder_version=\u00a0\u00bb4.18.0&Prime; _module_preset=\u00a0\u00bbdefault\u00a0\u00bb global_colors_info=\u00a0\u00bb{}\u00a0\u00bb][et_pb_column type=\u00a0\u00bb1_4&Prime; _builder_version=\u00a0\u00bb4.18.0&Prime; _module_preset=\u00a0\u00bbdefault\u00a0\u00bb global_colors_info=\u00a0\u00bb{}\u00a0\u00bb][\/et_pb_column][et_pb_column type=\u00a0\u00bb3_4&Prime; _builder_version=\u00a0\u00bb4.18.0&Prime; _module_preset=\u00a0\u00bbdefault\u00a0\u00bb global_colors_info=\u00a0\u00bb{}\u00a0\u00bb][et_pb_text _builder_version=\u00a0\u00bb4.18.0&Prime; _module_preset=\u00a0\u00bbdefault\u00a0\u00bb global_colors_info=\u00a0\u00bb{}\u00a0\u00bb]<\/p>\n<p style=\"margin-bottom: 0cm; font-style: normal;\" align=\"CENTER\"><span style=\"font-size: large;\"><b>Singuliers sp\u00e9cimens<\/b><\/span><\/p>\n<p style=\"margin-bottom: 0cm; font-style: normal; font-weight: normal;\" align=\"CENTER\"><span style=\"font-size: large;\">Chapelle st Hamon Plescop 2010<\/span><\/p>\n<p>[\/et_pb_text][\/et_pb_column][\/et_pb_row][et_pb_row column_structure=\u00a0\u00bb1_4,3_4&Prime; _builder_version=\u00a0\u00bb4.18.0&Prime; _module_preset=\u00a0\u00bbdefault\u00a0\u00bb global_colors_info=\u00a0\u00bb{}\u00a0\u00bb][et_pb_column type=\u00a0\u00bb1_4&Prime; _builder_version=\u00a0\u00bb4.18.0&Prime; _module_preset=\u00a0\u00bbdefault\u00a0\u00bb global_colors_info=\u00a0\u00bb{}\u00a0\u00bb][\/et_pb_column][et_pb_column type=\u00a0\u00bb3_4&Prime; _builder_version=\u00a0\u00bb4.18.0&Prime; _module_preset=\u00a0\u00bbdefault\u00a0\u00bb global_colors_info=\u00a0\u00bb{}\u00a0\u00bb][et_pb_text _builder_version=\u00a0\u00bb4.18.0&Prime; _module_preset=\u00a0\u00bbdefault\u00a0\u00bb custom_padding=\u00a0\u00bb||0px|||\u00a0\u00bb global_colors_info=\u00a0\u00bb{}\u00a0\u00bb]<\/p>\n<p style=\"margin-bottom: 0cm; font-style: normal;\" align=\"CENTER\"><span style=\"font-size: large;\"><b>Abstractions<\/b><\/span><\/p>\n<p style=\"margin-bottom: 0cm; font-style: normal; font-weight: normal;\" align=\"CENTER\"><span style=\"font-size: large;\">Ria des arts collectif 2010<\/span><\/p>\n<p>[\/et_pb_text][\/et_pb_column][\/et_pb_row][\/et_pb_section]<\/p>\n","protected":false},"excerpt":{"rendered":"<p>Le pont des Arts 95 rue de Redon 35580 Pont R\u00e9an-Rennes 1 Septembre &#8211; 31 Novembre 2022 Galerie Port en Dro Carnac Exposition permanente Galerie Arts et Mati\u00e8res Auray 2018-2019 AN-NA au pays des Merveilles Cr\u00e9ation d&rsquo;un spectacle th\u00e9\u00e2tral 2015-2017L&rsquo;Entre-deux Exposition personnelle Centre d&rsquo;art contemporain. Hennebont Galerie Pierre Tal Coat janvier &#8211; f\u00e9vrier 2015 Acquisition [&hellip;]<\/p>\n","protected":false},"author":1,"featured_media":0,"parent":0,"menu_order":0,"comment_status":"closed","ping_status":"closed","template":"","meta":{"_et_pb_use_builder":"on","_et_pb_old_content":"","_et_gb_content_width":"","footnotes":""},"class_list":["post-260","page","type-page","status-publish","hentry"],"yoast_head":"<!-- This site is optimized with the Yoast SEO plugin v20.4 - https:\/\/yoast.com\/wordpress\/plugins\/seo\/ -->\n<title>Expositions - Myriam Le Fol<\/title>\n<meta name=\"robots\" content=\"index, follow, max-snippet:-1, max-image-preview:large, max-video-preview:-1\" \/>\n<link rel=\"canonical\" href=\"https:\/\/www.myriamlefol.com\/Sites\/expositions\/\" \/>\n<meta property=\"og:locale\" content=\"fr_FR\" \/>\n<meta property=\"og:type\" content=\"article\" \/>\n<meta property=\"og:title\" content=\"Expositions - Myriam Le Fol\" \/>\n<meta property=\"og:description\" content=\"Le pont des Arts 95 rue de Redon 35580 Pont R\u00e9an-Rennes 1 Septembre - 31 Novembre 2022 Galerie Port en Dro Carnac Exposition permanente Galerie Arts et Mati\u00e8res Auray 2018-2019 AN-NA au pays des Merveilles Cr\u00e9ation d&#039;un spectacle th\u00e9\u00e2tral 2015-2017L&#039;Entre-deux Exposition personnelle Centre d&#039;art contemporain. Hennebont Galerie Pierre Tal Coat janvier - f\u00e9vrier 2015 Acquisition [&hellip;]\" \/>\n<meta property=\"og:url\" content=\"https:\/\/www.myriamlefol.com\/Sites\/expositions\/\" \/>\n<meta property=\"og:site_name\" content=\"Myriam Le Fol\" \/>\n<meta property=\"article:modified_time\" content=\"2023-02-04T17:40:34+00:00\" \/>\n<meta name=\"twitter:card\" content=\"summary_large_image\" \/>\n<meta name=\"twitter:label1\" content=\"Dur\u00e9e de lecture estim\u00e9e\" \/>\n\t<meta name=\"twitter:data1\" content=\"10 minutes\" \/>\n<script type=\"application\/ld+json\" class=\"yoast-schema-graph\">{\"@context\":\"https:\/\/schema.org\",\"@graph\":[{\"@type\":\"WebPage\",\"@id\":\"https:\/\/www.myriamlefol.com\/Sites\/expositions\/\",\"url\":\"https:\/\/www.myriamlefol.com\/Sites\/expositions\/\",\"name\":\"Expositions - Myriam Le Fol\",\"isPartOf\":{\"@id\":\"https:\/\/www.myriamlefol.com\/Sites\/#website\"},\"datePublished\":\"2022-08-29T19:44:01+00:00\",\"dateModified\":\"2023-02-04T17:40:34+00:00\",\"breadcrumb\":{\"@id\":\"https:\/\/www.myriamlefol.com\/Sites\/expositions\/#breadcrumb\"},\"inLanguage\":\"fr-FR\",\"potentialAction\":[{\"@type\":\"ReadAction\",\"target\":[\"https:\/\/www.myriamlefol.com\/Sites\/expositions\/\"]}]},{\"@type\":\"BreadcrumbList\",\"@id\":\"https:\/\/www.myriamlefol.com\/Sites\/expositions\/#breadcrumb\",\"itemListElement\":[{\"@type\":\"ListItem\",\"position\":1,\"name\":\"Accueil\",\"item\":\"https:\/\/www.myriamlefol.com\/Sites\/\"},{\"@type\":\"ListItem\",\"position\":2,\"name\":\"Expositions\"}]},{\"@type\":\"WebSite\",\"@id\":\"https:\/\/www.myriamlefol.com\/Sites\/#website\",\"url\":\"https:\/\/www.myriamlefol.com\/Sites\/\",\"name\":\"Myriam Le Fol\",\"description\":\"Peinture Artiste art\",\"publisher\":{\"@id\":\"https:\/\/www.myriamlefol.com\/Sites\/#\/schema\/person\/3a765b3b309bb29d271f70b933ec5fc6\"},\"alternateName\":\"Myriam LeFol\",\"potentialAction\":[{\"@type\":\"SearchAction\",\"target\":{\"@type\":\"EntryPoint\",\"urlTemplate\":\"https:\/\/www.myriamlefol.com\/Sites\/?s={search_term_string}\"},\"query-input\":\"required name=search_term_string\"}],\"inLanguage\":\"fr-FR\"},{\"@type\":[\"Person\",\"Organization\"],\"@id\":\"https:\/\/www.myriamlefol.com\/Sites\/#\/schema\/person\/3a765b3b309bb29d271f70b933ec5fc6\",\"name\":\"Myriam le fol\",\"image\":{\"@type\":\"ImageObject\",\"inLanguage\":\"fr-FR\",\"@id\":\"https:\/\/www.myriamlefol.com\/Sites\/#\/schema\/person\/image\/\",\"url\":\"https:\/\/www.myriamlefol.com\/wp-content\/uploads\/2022\/09\/IMG_3345.jpg\",\"contentUrl\":\"https:\/\/www.myriamlefol.com\/wp-content\/uploads\/2022\/09\/IMG_3345.jpg\",\"width\":1024,\"height\":1038,\"caption\":\"Myriam le fol\"},\"logo\":{\"@id\":\"https:\/\/www.myriamlefol.com\/Sites\/#\/schema\/person\/image\/\"},\"sameAs\":[\"https:\/\/www.myriamlefol.com\/Sites\",\"https:\/\/www.instagram.com\/myriamlefol\"]}]}<\/script>\n<!-- \/ Yoast SEO plugin. -->","yoast_head_json":{"title":"Expositions - Myriam Le Fol","robots":{"index":"index","follow":"follow","max-snippet":"max-snippet:-1","max-image-preview":"max-image-preview:large","max-video-preview":"max-video-preview:-1"},"canonical":"https:\/\/www.myriamlefol.com\/Sites\/expositions\/","og_locale":"fr_FR","og_type":"article","og_title":"Expositions - Myriam Le Fol","og_description":"Le pont des Arts 95 rue de Redon 35580 Pont R\u00e9an-Rennes 1 Septembre - 31 Novembre 2022 Galerie Port en Dro Carnac Exposition permanente Galerie Arts et Mati\u00e8res Auray 2018-2019 AN-NA au pays des Merveilles Cr\u00e9ation d'un spectacle th\u00e9\u00e2tral 2015-2017L'Entre-deux Exposition personnelle Centre d'art contemporain. Hennebont Galerie Pierre Tal Coat janvier - f\u00e9vrier 2015 Acquisition [&hellip;]","og_url":"https:\/\/www.myriamlefol.com\/Sites\/expositions\/","og_site_name":"Myriam Le Fol","article_modified_time":"2023-02-04T17:40:34+00:00","twitter_card":"summary_large_image","twitter_misc":{"Dur\u00e9e de lecture estim\u00e9e":"10 minutes"},"schema":{"@context":"https:\/\/schema.org","@graph":[{"@type":"WebPage","@id":"https:\/\/www.myriamlefol.com\/Sites\/expositions\/","url":"https:\/\/www.myriamlefol.com\/Sites\/expositions\/","name":"Expositions - Myriam Le Fol","isPartOf":{"@id":"https:\/\/www.myriamlefol.com\/Sites\/#website"},"datePublished":"2022-08-29T19:44:01+00:00","dateModified":"2023-02-04T17:40:34+00:00","breadcrumb":{"@id":"https:\/\/www.myriamlefol.com\/Sites\/expositions\/#breadcrumb"},"inLanguage":"fr-FR","potentialAction":[{"@type":"ReadAction","target":["https:\/\/www.myriamlefol.com\/Sites\/expositions\/"]}]},{"@type":"BreadcrumbList","@id":"https:\/\/www.myriamlefol.com\/Sites\/expositions\/#breadcrumb","itemListElement":[{"@type":"ListItem","position":1,"name":"Accueil","item":"https:\/\/www.myriamlefol.com\/Sites\/"},{"@type":"ListItem","position":2,"name":"Expositions"}]},{"@type":"WebSite","@id":"https:\/\/www.myriamlefol.com\/Sites\/#website","url":"https:\/\/www.myriamlefol.com\/Sites\/","name":"Myriam Le Fol","description":"Peinture Artiste art","publisher":{"@id":"https:\/\/www.myriamlefol.com\/Sites\/#\/schema\/person\/3a765b3b309bb29d271f70b933ec5fc6"},"alternateName":"Myriam LeFol","potentialAction":[{"@type":"SearchAction","target":{"@type":"EntryPoint","urlTemplate":"https:\/\/www.myriamlefol.com\/Sites\/?s={search_term_string}"},"query-input":"required name=search_term_string"}],"inLanguage":"fr-FR"},{"@type":["Person","Organization"],"@id":"https:\/\/www.myriamlefol.com\/Sites\/#\/schema\/person\/3a765b3b309bb29d271f70b933ec5fc6","name":"Myriam le fol","image":{"@type":"ImageObject","inLanguage":"fr-FR","@id":"https:\/\/www.myriamlefol.com\/Sites\/#\/schema\/person\/image\/","url":"https:\/\/www.myriamlefol.com\/wp-content\/uploads\/2022\/09\/IMG_3345.jpg","contentUrl":"https:\/\/www.myriamlefol.com\/wp-content\/uploads\/2022\/09\/IMG_3345.jpg","width":1024,"height":1038,"caption":"Myriam le fol"},"logo":{"@id":"https:\/\/www.myriamlefol.com\/Sites\/#\/schema\/person\/image\/"},"sameAs":["https:\/\/www.myriamlefol.com\/Sites","https:\/\/www.instagram.com\/myriamlefol"]}]}},"_links":{"self":[{"href":"https:\/\/www.myriamlefol.com\/Sites\/wp-json\/wp\/v2\/pages\/260","targetHints":{"allow":["GET"]}}],"collection":[{"href":"https:\/\/www.myriamlefol.com\/Sites\/wp-json\/wp\/v2\/pages"}],"about":[{"href":"https:\/\/www.myriamlefol.com\/Sites\/wp-json\/wp\/v2\/types\/page"}],"author":[{"embeddable":true,"href":"https:\/\/www.myriamlefol.com\/Sites\/wp-json\/wp\/v2\/users\/1"}],"replies":[{"embeddable":true,"href":"https:\/\/www.myriamlefol.com\/Sites\/wp-json\/wp\/v2\/comments?post=260"}],"version-history":[{"count":26,"href":"https:\/\/www.myriamlefol.com\/Sites\/wp-json\/wp\/v2\/pages\/260\/revisions"}],"predecessor-version":[{"id":568,"href":"https:\/\/www.myriamlefol.com\/Sites\/wp-json\/wp\/v2\/pages\/260\/revisions\/568"}],"wp:attachment":[{"href":"https:\/\/www.myriamlefol.com\/Sites\/wp-json\/wp\/v2\/media?parent=260"}],"curies":[{"name":"wp","href":"https:\/\/api.w.org\/{rel}","templated":true}]}}