{"id":73,"date":"2022-08-21T12:58:43","date_gmt":"2022-08-21T10:58:43","guid":{"rendered":"https:\/\/myriamlefol.com\/Sites\/?page_id=73"},"modified":"2023-01-16T18:14:10","modified_gmt":"2023-01-16T17:14:10","slug":"a-propos","status":"publish","type":"page","link":"https:\/\/www.myriamlefol.com\/Sites\/a-propos\/","title":{"rendered":"A propos"},"content":{"rendered":"<p>[et_pb_section fb_built=\u00a0\u00bb1&Prime; _builder_version=\u00a0\u00bb4.18.0&Prime; _module_preset=\u00a0\u00bbdefault\u00a0\u00bb global_colors_info=\u00a0\u00bb{}\u00a0\u00bb][et_pb_row _builder_version=\u00a0\u00bb4.18.0&Prime; _module_preset=\u00a0\u00bbdefault\u00a0\u00bb global_colors_info=\u00a0\u00bb{}\u00a0\u00bb][et_pb_column type=\u00a0\u00bb4_4&Prime; _builder_version=\u00a0\u00bb4.18.0&Prime; _module_preset=\u00a0\u00bbdefault\u00a0\u00bb global_colors_info=\u00a0\u00bb{}\u00a0\u00bb][et_pb_image src=\u00a0\u00bbhttps:\/\/www.myriamlefol.com\/wp-content\/uploads\/2022\/09\/IMG_0746.jpg\u00a0\u00bb title_text=\u00a0\u00bbIMG_0746&Prime; show_in_lightbox=\u00a0\u00bbon\u00a0\u00bb align=\u00a0\u00bbcenter\u00a0\u00bb _builder_version=\u00a0\u00bb4.19.4&Prime; _module_preset=\u00a0\u00bbdefault\u00a0\u00bb max_width=\u00a0\u00bb100%\u00a0\u00bb custom_padding=\u00a0\u00bb50px||||false|false\u00a0\u00bb hover_enabled=\u00a0\u00bb0&Prime; global_colors_info=\u00a0\u00bb{}\u00a0\u00bb sticky_enabled=\u00a0\u00bb0&Prime;][\/et_pb_image][et_pb_text admin_label=\u00a0\u00bbTexte\u00a0\u00bb _builder_version=\u00a0\u00bb4.19.4&Prime; _module_preset=\u00a0\u00bbdefault\u00a0\u00bb hover_enabled=\u00a0\u00bb0&Prime; global_colors_info=\u00a0\u00bb{}\u00a0\u00bb sticky_enabled=\u00a0\u00bb0&Prime;]<\/p>\n<p style=\"margin-bottom: 0cm; font-style: normal;\" align=\"CENTER\"><span style=\"color: #5c8526;\"><span style=\"font-family: DejaVu Sans Light, sans-serif;\"><span style=\"font-size: xx-large;\"><b>MYRIAM LE FOL<\/b><\/span><\/span><\/span><\/p>\n<p style=\"margin-bottom: 0cm; font-style: normal;\" align=\"CENTER\"><span style=\"color: #333333;\"><span style=\"font-family: DejaVu Sans Light, sans-serif;\"><span style=\"font-size: medium;\"><b>N\u00e9e \u00e0 Vannes, Bretagne sud. Elle vit et travaille \u00e0 Crach dans le Morbihan<\/b><\/span><\/span><\/span><\/p>\n<p style=\"margin-bottom: 0cm; font-style: normal;\" align=\"CENTER\"><span style=\"color: #333333;\"><span style=\"font-family: DejaVu Sans Light, sans-serif;\"><span style=\"font-size: medium;\"><b><a href=\"mailto:myriam.lf@orange.fr\">myriam.lf@orange.fr<\/a><\/b><\/span><\/span><\/span><\/p>\n<p style=\"margin-bottom: 0cm; font-style: normal;\" align=\"CENTER\"><span style=\"color: #333333;\"><span style=\"font-family: DejaVu Sans Light, sans-serif;\"><span style=\"font-size: medium;\"><b><a href=\"https:\/\/www.instagram.com\/myriamlefol\">Instagram Myriam Le Fol<\/a><\/b><\/span><\/span><\/span><\/p>\n<p style=\"margin-bottom: 0cm; font-style: normal;\" align=\"LEFT\"><span style=\"color: #333333;\"> <\/span><\/p>\n<p style=\"margin-bottom: 0cm; font-style: normal; font-weight: normal;\" align=\"JUSTIFY\"><span style=\"font-size: medium;\"> Apr\u00e8s des \u00e9tudes litt\u00e9raires et plasticiennes \u00e0 la facult\u00e9 de Rennes, elle int\u00e8gre l&rsquo;\u00e9cole de Peinture Martenot \u00e0 Paris. Dipl\u00f4me en 5 ann\u00e9es o\u00f9 elle apprend les techniques traditionnelles de la peinture \u00e0 l&rsquo;huile et du dessin. Elle commence \u00e0 enseigner dans les ateliers parisiens, l&rsquo;atelier Covo \u00e0 Neuilly, l&rsquo;atelier C. Hur \u00e0 Garches.<\/span><\/p>\n<p style=\"margin-bottom: 0cm;\" align=\"JUSTIFY\"><span style=\"font-size: medium;\">A son retour en Bretagne, elle enseignera aux ateliers de Baden o\u00f9 elle d\u00e9veloppera sa m\u00e9thodologie.<\/span><\/p>\n<p style=\"margin-bottom: 0cm;\" align=\"JUSTIFY\"><span style=\"font-size: medium;\"> Parall\u00e8lement elle aboutit sa propre recherche picturale et pr\u00e9sente aux institutions de grandes toiles o\u00f9 une forme arch\u00e9typale en volume, un papillon, souvent noir, en inox et r\u00e9p\u00e9t\u00e9 en rangs serr\u00e9s illusionnent la surface de la toile. Elle s&rsquo;amuse \u00e0 tromper nos sens en peignant savamment des ombres sur des fonds quadrill\u00e9s qui se m\u00ealent aux ombres projet\u00e9es r\u00e9elles des papillons en volume. D&rsquo;autres toiles aussi , de paysages et de v\u00e9g\u00e9taux se refl\u00e9tant \u00e0 l&rsquo;infini dans l&rsquo;eau t\u00e9moignent de son go\u00fbt \u00e0 transcrire une r\u00e9alit\u00e9 multiple et mouvante.<\/span><\/p>\n<p style=\"margin-bottom: 0cm;\" align=\"JUSTIFY\"><span style=\"font-size: medium;\">Ce travail sera expos\u00e9 par les institutions culturelles et centres d&rsquo;art contemporain. Il est apparent\u00e9 aux \u00ab\u00a0Singuliers Sp\u00e9cimens\u00a0\u00bb<br \/><\/span><\/p>\n<p style=\"margin-bottom: 0cm; font-style: normal; font-weight: normal;\" align=\"JUSTIFY\"><span style=\"font-size: medium;\"> Elle se rapproche \u00e9galement du monde du th\u00e9\u00e2tre o\u00f9 elle collabore \u00e0 une premi\u00e8re cr\u00e9ation n\u00e9e d&rsquo;un atelier d&rsquo;\u00e9criture en 2011. Deux ans plus tard elle se lance dans l&rsquo;\u00e9criture d&rsquo;une pi\u00e8ce qu&rsquo;elle mettra en sc\u00e8ne en 2015 : \u00ab AN-NA au pays des Merveilles \u00bb verra le jour en 2016.<\/span><\/p>\n<p style=\"margin-bottom: 0cm; font-style: normal; font-weight: normal;\" align=\"JUSTIFY\"><span style=\"font-size: medium;\"> Aujourd&rsquo;hui elle revient \u00e0 la figuration et installe son univers dans des repr\u00e9sentations baln\u00e9aires. Lieux de vill\u00e9giature o\u00f9 la r\u00eaverie erre d\u00e9licieusement \u00e0 l&rsquo;ombre d&rsquo;un arbre, au bord d&rsquo;une piscine, sur des espaces insulaires. On y retrouve sa composition pure et frontale o\u00f9 elle d\u00e9limite de grands espaces dont elle trouble la surface par un reflet, un nuage, un feuillage L&rsquo;image est belle, lumineuse, \u00e9vidente et puis quelques indices sem\u00e9s, une atmosph\u00e8re particuli\u00e8re, incongruit\u00e9s et jeux de miroirs d\u00e9placent notre focus. Furtivement elle fait glisser le paysage de vacances en un lieu plus int\u00e9rieur, silencieux et suspendu . <\/span><\/p>\n<p>[\/et_pb_text][\/et_pb_column][\/et_pb_row][\/et_pb_section]<\/p>\n","protected":false},"excerpt":{"rendered":"<p>MYRIAM LE FOL N\u00e9e \u00e0 Vannes, Bretagne sud. Elle vit et travaille \u00e0 Crach dans le Morbihan myriam.lf@orange.fr Instagram Myriam Le Fol Apr\u00e8s des \u00e9tudes litt\u00e9raires et plasticiennes \u00e0 la facult\u00e9 de Rennes, elle int\u00e8gre l&rsquo;\u00e9cole de Peinture Martenot \u00e0 Paris. Dipl\u00f4me en 5 ann\u00e9es o\u00f9 elle apprend les techniques traditionnelles de la peinture \u00e0 [&hellip;]<\/p>\n","protected":false},"author":1,"featured_media":0,"parent":0,"menu_order":0,"comment_status":"closed","ping_status":"closed","template":"","meta":{"_et_pb_use_builder":"on","_et_pb_old_content":"","_et_gb_content_width":"","footnotes":""},"class_list":["post-73","page","type-page","status-publish","hentry"],"yoast_head":"<!-- This site is optimized with the Yoast SEO plugin v20.4 - https:\/\/yoast.com\/wordpress\/plugins\/seo\/ -->\n<title>A propos - Myriam Le Fol<\/title>\n<meta name=\"robots\" content=\"index, follow, max-snippet:-1, max-image-preview:large, max-video-preview:-1\" \/>\n<link rel=\"canonical\" href=\"https:\/\/www.myriamlefol.com\/Sites\/a-propos\/\" \/>\n<meta property=\"og:locale\" content=\"fr_FR\" \/>\n<meta property=\"og:type\" content=\"article\" \/>\n<meta property=\"og:title\" content=\"A propos - Myriam Le Fol\" \/>\n<meta property=\"og:description\" content=\"MYRIAM LE FOL N\u00e9e \u00e0 Vannes, Bretagne sud. Elle vit et travaille \u00e0 Crach dans le Morbihan myriam.lf@orange.fr Instagram Myriam Le Fol Apr\u00e8s des \u00e9tudes litt\u00e9raires et plasticiennes \u00e0 la facult\u00e9 de Rennes, elle int\u00e8gre l&#039;\u00e9cole de Peinture Martenot \u00e0 Paris. Dipl\u00f4me en 5 ann\u00e9es o\u00f9 elle apprend les techniques traditionnelles de la peinture \u00e0 [&hellip;]\" \/>\n<meta property=\"og:url\" content=\"https:\/\/www.myriamlefol.com\/Sites\/a-propos\/\" \/>\n<meta property=\"og:site_name\" content=\"Myriam Le Fol\" \/>\n<meta property=\"article:modified_time\" content=\"2023-01-16T17:14:10+00:00\" \/>\n<meta name=\"twitter:card\" content=\"summary_large_image\" \/>\n<meta name=\"twitter:label1\" content=\"Dur\u00e9e de lecture estim\u00e9e\" \/>\n\t<meta name=\"twitter:data1\" content=\"2 minutes\" \/>\n<script type=\"application\/ld+json\" class=\"yoast-schema-graph\">{\"@context\":\"https:\/\/schema.org\",\"@graph\":[{\"@type\":\"WebPage\",\"@id\":\"https:\/\/www.myriamlefol.com\/Sites\/a-propos\/\",\"url\":\"https:\/\/www.myriamlefol.com\/Sites\/a-propos\/\",\"name\":\"A propos - Myriam Le Fol\",\"isPartOf\":{\"@id\":\"https:\/\/www.myriamlefol.com\/Sites\/#website\"},\"datePublished\":\"2022-08-21T10:58:43+00:00\",\"dateModified\":\"2023-01-16T17:14:10+00:00\",\"breadcrumb\":{\"@id\":\"https:\/\/www.myriamlefol.com\/Sites\/a-propos\/#breadcrumb\"},\"inLanguage\":\"fr-FR\",\"potentialAction\":[{\"@type\":\"ReadAction\",\"target\":[\"https:\/\/www.myriamlefol.com\/Sites\/a-propos\/\"]}]},{\"@type\":\"BreadcrumbList\",\"@id\":\"https:\/\/www.myriamlefol.com\/Sites\/a-propos\/#breadcrumb\",\"itemListElement\":[{\"@type\":\"ListItem\",\"position\":1,\"name\":\"Accueil\",\"item\":\"https:\/\/www.myriamlefol.com\/Sites\/\"},{\"@type\":\"ListItem\",\"position\":2,\"name\":\"A propos\"}]},{\"@type\":\"WebSite\",\"@id\":\"https:\/\/www.myriamlefol.com\/Sites\/#website\",\"url\":\"https:\/\/www.myriamlefol.com\/Sites\/\",\"name\":\"Myriam Le Fol\",\"description\":\"Peinture Artiste art\",\"publisher\":{\"@id\":\"https:\/\/www.myriamlefol.com\/Sites\/#\/schema\/person\/3a765b3b309bb29d271f70b933ec5fc6\"},\"alternateName\":\"Myriam LeFol\",\"potentialAction\":[{\"@type\":\"SearchAction\",\"target\":{\"@type\":\"EntryPoint\",\"urlTemplate\":\"https:\/\/www.myriamlefol.com\/Sites\/?s={search_term_string}\"},\"query-input\":\"required name=search_term_string\"}],\"inLanguage\":\"fr-FR\"},{\"@type\":[\"Person\",\"Organization\"],\"@id\":\"https:\/\/www.myriamlefol.com\/Sites\/#\/schema\/person\/3a765b3b309bb29d271f70b933ec5fc6\",\"name\":\"Myriam le fol\",\"image\":{\"@type\":\"ImageObject\",\"inLanguage\":\"fr-FR\",\"@id\":\"https:\/\/www.myriamlefol.com\/Sites\/#\/schema\/person\/image\/\",\"url\":\"https:\/\/www.myriamlefol.com\/wp-content\/uploads\/2022\/09\/IMG_3345.jpg\",\"contentUrl\":\"https:\/\/www.myriamlefol.com\/wp-content\/uploads\/2022\/09\/IMG_3345.jpg\",\"width\":1024,\"height\":1038,\"caption\":\"Myriam le fol\"},\"logo\":{\"@id\":\"https:\/\/www.myriamlefol.com\/Sites\/#\/schema\/person\/image\/\"},\"sameAs\":[\"https:\/\/www.myriamlefol.com\/Sites\",\"https:\/\/www.instagram.com\/myriamlefol\"]}]}<\/script>\n<!-- \/ Yoast SEO plugin. -->","yoast_head_json":{"title":"A propos - Myriam Le Fol","robots":{"index":"index","follow":"follow","max-snippet":"max-snippet:-1","max-image-preview":"max-image-preview:large","max-video-preview":"max-video-preview:-1"},"canonical":"https:\/\/www.myriamlefol.com\/Sites\/a-propos\/","og_locale":"fr_FR","og_type":"article","og_title":"A propos - Myriam Le Fol","og_description":"MYRIAM LE FOL N\u00e9e \u00e0 Vannes, Bretagne sud. Elle vit et travaille \u00e0 Crach dans le Morbihan myriam.lf@orange.fr Instagram Myriam Le Fol Apr\u00e8s des \u00e9tudes litt\u00e9raires et plasticiennes \u00e0 la facult\u00e9 de Rennes, elle int\u00e8gre l'\u00e9cole de Peinture Martenot \u00e0 Paris. Dipl\u00f4me en 5 ann\u00e9es o\u00f9 elle apprend les techniques traditionnelles de la peinture \u00e0 [&hellip;]","og_url":"https:\/\/www.myriamlefol.com\/Sites\/a-propos\/","og_site_name":"Myriam Le Fol","article_modified_time":"2023-01-16T17:14:10+00:00","twitter_card":"summary_large_image","twitter_misc":{"Dur\u00e9e de lecture estim\u00e9e":"2 minutes"},"schema":{"@context":"https:\/\/schema.org","@graph":[{"@type":"WebPage","@id":"https:\/\/www.myriamlefol.com\/Sites\/a-propos\/","url":"https:\/\/www.myriamlefol.com\/Sites\/a-propos\/","name":"A propos - Myriam Le Fol","isPartOf":{"@id":"https:\/\/www.myriamlefol.com\/Sites\/#website"},"datePublished":"2022-08-21T10:58:43+00:00","dateModified":"2023-01-16T17:14:10+00:00","breadcrumb":{"@id":"https:\/\/www.myriamlefol.com\/Sites\/a-propos\/#breadcrumb"},"inLanguage":"fr-FR","potentialAction":[{"@type":"ReadAction","target":["https:\/\/www.myriamlefol.com\/Sites\/a-propos\/"]}]},{"@type":"BreadcrumbList","@id":"https:\/\/www.myriamlefol.com\/Sites\/a-propos\/#breadcrumb","itemListElement":[{"@type":"ListItem","position":1,"name":"Accueil","item":"https:\/\/www.myriamlefol.com\/Sites\/"},{"@type":"ListItem","position":2,"name":"A propos"}]},{"@type":"WebSite","@id":"https:\/\/www.myriamlefol.com\/Sites\/#website","url":"https:\/\/www.myriamlefol.com\/Sites\/","name":"Myriam Le Fol","description":"Peinture Artiste art","publisher":{"@id":"https:\/\/www.myriamlefol.com\/Sites\/#\/schema\/person\/3a765b3b309bb29d271f70b933ec5fc6"},"alternateName":"Myriam LeFol","potentialAction":[{"@type":"SearchAction","target":{"@type":"EntryPoint","urlTemplate":"https:\/\/www.myriamlefol.com\/Sites\/?s={search_term_string}"},"query-input":"required name=search_term_string"}],"inLanguage":"fr-FR"},{"@type":["Person","Organization"],"@id":"https:\/\/www.myriamlefol.com\/Sites\/#\/schema\/person\/3a765b3b309bb29d271f70b933ec5fc6","name":"Myriam le fol","image":{"@type":"ImageObject","inLanguage":"fr-FR","@id":"https:\/\/www.myriamlefol.com\/Sites\/#\/schema\/person\/image\/","url":"https:\/\/www.myriamlefol.com\/wp-content\/uploads\/2022\/09\/IMG_3345.jpg","contentUrl":"https:\/\/www.myriamlefol.com\/wp-content\/uploads\/2022\/09\/IMG_3345.jpg","width":1024,"height":1038,"caption":"Myriam le fol"},"logo":{"@id":"https:\/\/www.myriamlefol.com\/Sites\/#\/schema\/person\/image\/"},"sameAs":["https:\/\/www.myriamlefol.com\/Sites","https:\/\/www.instagram.com\/myriamlefol"]}]}},"_links":{"self":[{"href":"https:\/\/www.myriamlefol.com\/Sites\/wp-json\/wp\/v2\/pages\/73","targetHints":{"allow":["GET"]}}],"collection":[{"href":"https:\/\/www.myriamlefol.com\/Sites\/wp-json\/wp\/v2\/pages"}],"about":[{"href":"https:\/\/www.myriamlefol.com\/Sites\/wp-json\/wp\/v2\/types\/page"}],"author":[{"embeddable":true,"href":"https:\/\/www.myriamlefol.com\/Sites\/wp-json\/wp\/v2\/users\/1"}],"replies":[{"embeddable":true,"href":"https:\/\/www.myriamlefol.com\/Sites\/wp-json\/wp\/v2\/comments?post=73"}],"version-history":[{"count":13,"href":"https:\/\/www.myriamlefol.com\/Sites\/wp-json\/wp\/v2\/pages\/73\/revisions"}],"predecessor-version":[{"id":539,"href":"https:\/\/www.myriamlefol.com\/Sites\/wp-json\/wp\/v2\/pages\/73\/revisions\/539"}],"wp:attachment":[{"href":"https:\/\/www.myriamlefol.com\/Sites\/wp-json\/wp\/v2\/media?parent=73"}],"curies":[{"name":"wp","href":"https:\/\/api.w.org\/{rel}","templated":true}]}}